{"id":1163,"date":"2017-07-25T18:34:15","date_gmt":"2017-07-25T18:34:15","guid":{"rendered":"http:\/\/www2.unsa.edu.pe\/escuelas\/filosofia\/?page_id=1163"},"modified":"2024-10-28T12:53:58","modified_gmt":"2024-10-28T17:53:58","slug":"personal-docente","status":"publish","type":"page","link":"https:\/\/ffh.unsa.edu.pe\/filosofia\/personal-docente\/","title":{"rendered":"Personal Docente"},"content":{"rendered":"<table width=\"614\">\n<tbody>\n<tr>\n<td width=\"28\"><strong>N\u00b0 <\/strong><\/td>\n<td width=\"265\"><strong>DOCENTE <\/strong><\/td>\n<td width=\"142\"><strong>CATEGOR\u00cdA <\/strong><\/td>\n<td width=\"180\"><strong>REGIMEN <\/strong><\/td>\n<\/tr>\n<tr>\n<td width=\"28\">1<\/td>\n<td width=\"265\">DR. ORNA RIVAS, EYNER NIVARDO<\/td>\n<td width=\"142\">PRINCIPAL<\/td>\n<td width=\"180\">DEDICACI\u00d3N EXCLUSIVA<\/td>\n<\/tr>\n<tr>\n<td width=\"28\">2<\/td>\n<td width=\"265\">DRA. VALENCIA HINOJOSA, ANA MARIA<\/td>\n<td width=\"142\">PRINCIPAL<\/td>\n<td width=\"180\">DEDICACI\u00d3N EXCLUSIVA<\/td>\n<\/tr>\n<tr>\n<td width=\"28\">3<\/td>\n<td width=\"265\">DRA. OVIEDO PINTO, ELITA BETTY<\/td>\n<td width=\"142\">PRINCIPAL<\/td>\n<td width=\"180\">DEDICACI\u00d3N EXCLUSIVA<\/td>\n<\/tr>\n<tr>\n<td width=\"28\">4<\/td>\n<td width=\"265\">DR. FLORES LLAIQUI, JULI\u00c1N MAT\u00cdAS<\/td>\n<td width=\"142\">PRINCIPAL<\/td>\n<td width=\"180\">DEDICACI\u00d3N EXCLUSIVA<\/td>\n<\/tr>\n<tr>\n<td width=\"28\">5<\/td>\n<td width=\"265\">Mgtr. TAPIA MEZA, WILBERT MARTIN<\/td>\n<td width=\"142\">ASOCIADO<\/td>\n<td width=\"180\">TIEMPO COMPLETO<\/td>\n<\/tr>\n<tr>\n<td width=\"28\">6<\/td>\n<td width=\"265\">Mgtr. GUTI\u00c9RREZ CARPIO, JOS\u00c9 MIGUEL<\/td>\n<td width=\"142\">ASOCIADO<\/td>\n<td width=\"180\">DEDICACI\u00d3N EXCLUSIVA<\/td>\n<\/tr>\n<tr>\n<td width=\"28\">7<\/td>\n<td width=\"265\">Mgtr. CHAVEZ MAZEYRA, LOURDES NARCISA<\/td>\n<td width=\"142\">ASOCIADA<\/td>\n<td width=\"180\">TIEMPO COMPLETO<\/td>\n<\/tr>\n<tr>\n<td width=\"28\">8<\/td>\n<td width=\"265\">Mgtr. BUTR\u00d3N TREVI\u00d1OS, JUAN EMETERIO<\/td>\n<td width=\"142\">ASOCIADO<\/td>\n<td width=\"180\">TIEMPO COMPLETO<\/td>\n<\/tr>\n<tr>\n<td width=\"28\">9<\/td>\n<td width=\"265\">Mgtr. MEDINA SALINAS, OMAR ALONSO<\/td>\n<td width=\"142\">ASOCIADO<\/td>\n<td width=\"180\">TIEMPO COMPLETO<\/td>\n<\/tr>\n<tr>\n<td width=\"28\">10<\/td>\n<td width=\"265\">DR. CUEVA YSME, FLAVIO ESTANISLAO<\/td>\n<td width=\"142\">ASOCIADO<\/td>\n<td width=\"180\">TIEMPO COMPLETO<\/td>\n<\/tr>\n<tr>\n<td width=\"28\">11<\/td>\n<td width=\"265\">DRA. PACHECO RODRIGUEZ, LEONOR DOLORES<\/td>\n<td width=\"142\">ASOCIADA<\/td>\n<td width=\"180\">TIEMPO COMPLETO<\/td>\n<\/tr>\n<tr>\n<td width=\"28\">12<\/td>\n<td width=\"265\">LIC. VALDIVIA MORALES, JOS\u00c9 ANTONIO<\/td>\n<td width=\"142\">AUXILIAR<\/td>\n<td width=\"180\">TIEMPO PARCIAL 20 HRS.<\/td>\n<\/tr>\n<tr>\n<td width=\"28\">13<\/td>\n<td width=\"265\">Mgtr. VALDIVIA LOAIZA, ARNALDO HUMBERTO<\/td>\n<td width=\"142\">AUXILIAR<\/td>\n<td width=\"180\">TIEMPO COMPLETO<\/td>\n<\/tr>\n<tr>\n<td width=\"28\">14<\/td>\n<td width=\"265\">Mgtr. CASILLAS LLERENA, PEDRO JES\u00daS<\/td>\n<td width=\"142\">AUXILIAR<\/td>\n<td width=\"180\">TIEMPO COMPLETO<\/td>\n<\/tr>\n<tr>\n<td width=\"28\">15<\/td>\n<td width=\"265\">Mgtr. SILVA RIVERA, DANY REN\u00c9<\/td>\n<td width=\"142\">AUXILIAR<\/td>\n<td width=\"180\">TIEMPO COMPLETO<\/td>\n<\/tr>\n<tr>\n<td width=\"28\">16<\/td>\n<td width=\"265\">DR. APAZA AQUISE, WALTER GRABIEL<\/td>\n<td width=\"142\">AUXILIAR<\/td>\n<td width=\"180\">TIEMPO COMPLETO<\/td>\n<\/tr>\n<tr>\n<td width=\"28\">17<\/td>\n<td width=\"265\">Mgtr. OCHOA AM\u00c9SQUITA, RUTH MERY<\/td>\n<td width=\"142\">AUXILIAR<\/td>\n<td width=\"180\">TIEMPO COMPLETO<\/td>\n<\/tr>\n<tr>\n<td width=\"28\">18<\/td>\n<td width=\"265\">DR. PRADO ARHUIRI, SERGIO<\/td>\n<td width=\"142\">AUXILIAR<\/td>\n<td width=\"180\">TIEMPO COMPLETO<\/td>\n<\/tr>\n<tr>\n<td width=\"28\">19<\/td>\n<td width=\"265\">Mgtr. CHOQUE VILCA, ERIKA JOSSY<\/td>\n<td width=\"142\">AUXILIAR<\/td>\n<td width=\"180\">TIEMPO COMPLETO<\/td>\n<\/tr>\n<tr>\n<td width=\"28\">20<\/td>\n<td width=\"265\">Mgtr. C\u00c1CERES CAERO, FELTZY<\/td>\n<td width=\"142\">AUXILIAR<\/td>\n<td width=\"180\">TIEMPO COMPLETO<\/td>\n<\/tr>\n<tr>\n<td width=\"28\">21<\/td>\n<td width=\"265\">Mgtr. MEDINA MEDINA, MARGARITA N\u00c9LIDA<\/td>\n<td width=\"142\">AUXILIAR<\/td>\n<td width=\"180\">TIEMPO COMPLETO<\/td>\n<\/tr>\n<tr>\n<td width=\"28\">22<\/td>\n<td width=\"265\">Mgtr. FALC\u00d3N BELLIDO, JORGE LUIS<\/td>\n<td width=\"142\">AUXILIAR<\/td>\n<td width=\"180\">TIEMPO COMPLETO<\/td>\n<\/tr>\n<tr>\n<td width=\"28\">23<\/td>\n<td width=\"265\">Mgtr. VELAZCO CCACYAHUILLCA, YSIDRO<\/td>\n<td width=\"142\">AUXILIAR<\/td>\n<td width=\"180\">TIEMPO COMPLETO<\/td>\n<\/tr>\n<tr>\n<td width=\"28\">24<\/td>\n<td width=\"265\">Mgtr. CORZO CHULLO, OSCAR CARLOS<\/td>\n<td width=\"142\">AUXILIAR<\/td>\n<td width=\"180\">TIEMPO COMPLETO<\/td>\n<\/tr>\n<tr>\n<td width=\"28\">25<\/td>\n<td width=\"265\">Mgtr. CALISAYA GUTI\u00c9RREZ, ANGELA NATHALY<\/td>\n<td width=\"142\">AUXILIAR<\/td>\n<td width=\"180\">TIEMPO COMPLETO<\/td>\n<\/tr>\n<tr>\n<td width=\"28\">26<\/td>\n<td width=\"265\">Mgtr. VALLADARES TAPIA, ALEXANDER CHRISTOPHER<\/td>\n<td width=\"142\">AUXILIAR<\/td>\n<td width=\"180\">TIEMPO COMPLETO<\/td>\n<\/tr>\n<tr>\n<td width=\"28\">27<\/td>\n<td width=\"265\">Mgtr. VILLAR GARNICA, ELVA EMELINA<\/td>\n<td width=\"142\">AUXILIAR<\/td>\n<td width=\"180\">TIEMPO PARCIAL 10 HRS<\/td>\n<\/tr>\n<tr>\n<td width=\"28\">28<\/td>\n<td width=\"265\">Mgtr. ARIAS LLERENA, SILVIA CARMELA BERTANIA<\/td>\n<td width=\"142\">EXTRAORDINARIO INVITADO<\/td>\n<td width=\"180\">TIEMPO COMPLETO<\/td>\n<\/tr>\n<tr>\n<td width=\"28\">29<\/td>\n<td width=\"265\">Mgtr. RODR\u00cdGUEZ C\u00c1RDENAS, FRANK EDSON<\/td>\n<td width=\"142\">EXTRAORDINARIO INVITADO<\/td>\n<td width=\"180\">TIEMPO COMPLETO<\/td>\n<\/tr>\n<tr>\n<td width=\"28\">31<\/td>\n<td width=\"265\">DR. SANCHEZ MART\u00cdNEZ, C\u00c9SAR F\u00c9LIX<\/td>\n<td width=\"142\">EXTRAORDINARIO INVITADO<\/td>\n<td width=\"180\">TIEMPO COMPLETO<\/td>\n<\/tr>\n<tr>\n<td width=\"28\">34<\/td>\n<td width=\"265\">Mgtr. YACASI CCALLUHUANCA, FERNANDO<\/td>\n<td width=\"142\">EXTRAORDINARIO INVITADO<\/td>\n<td width=\"180\">TIEMPO COMPLETO<\/td>\n<\/tr>\n<tr>\n<td width=\"28\">35<\/td>\n<td width=\"265\">Mgtr. RIVAS D\u00cdAZ, DIEGO ALBERTO<\/td>\n<td width=\"142\">EXTRAORDINARIO INVITADO<\/td>\n<td width=\"180\">TIEMPO COMPLETO<\/td>\n<\/tr>\n<tr>\n<td width=\"28\">36<\/td>\n<td width=\"265\">Mgtr. SALAS HUARCAYA, GLENDA<\/td>\n<td width=\"142\">EXTRAORDINARIO INVITADO<\/td>\n<td width=\"180\">TIEMPO COMPLETO<\/td>\n<\/tr>\n<\/tbody>\n<\/table>\n<p>&nbsp;<\/p>\n","protected":false},"excerpt":{"rendered":"<p>N\u00b0 DOCENTE CATEGOR\u00cdA REGIMEN 1 DR. ORNA RIVAS, EYNER NIVARDO PRINCIPAL DEDICACI\u00d3N EXCLUSIVA 2 DRA. VALENCIA HINOJOSA, ANA MARIA PRINCIPAL DEDICACI\u00d3N EXCLUSIVA 3 DRA. OVIEDO PINTO, ELITA BETTY PRINCIPAL DEDICACI\u00d3N EXCLUSIVA 4 DR. FLORES LLAIQUI, JULI\u00c1N MAT\u00cdAS PRINCIPAL DEDICACI\u00d3N EXCLUSIVA 5 Mgtr. TAPIA MEZA, WILBERT MARTIN ASOCIADO TIEMPO COMPLETO 6 Mgtr. GUTI\u00c9RREZ CARPIO, JOS\u00c9 MIGUEL [&hellip;]<\/p>\n","protected":false},"author":1,"featured_media":1174,"parent":0,"menu_order":0,"comment_status":"closed","ping_status":"closed","template":"","meta":{"_acf_changed":false,"footnotes":""},"class_list":["post-1163","page","type-page","status-publish","has-post-thumbnail","hentry"],"acf":[],"_links":{"self":[{"href":"https:\/\/ffh.unsa.edu.pe\/filosofia\/wp-json\/wp\/v2\/pages\/1163","targetHints":{"allow":["GET"]}}],"collection":[{"href":"https:\/\/ffh.unsa.edu.pe\/filosofia\/wp-json\/wp\/v2\/pages"}],"about":[{"href":"https:\/\/ffh.unsa.edu.pe\/filosofia\/wp-json\/wp\/v2\/types\/page"}],"author":[{"embeddable":true,"href":"https:\/\/ffh.unsa.edu.pe\/filosofia\/wp-json\/wp\/v2\/users\/1"}],"replies":[{"embeddable":true,"href":"https:\/\/ffh.unsa.edu.pe\/filosofia\/wp-json\/wp\/v2\/comments?post=1163"}],"version-history":[{"count":13,"href":"https:\/\/ffh.unsa.edu.pe\/filosofia\/wp-json\/wp\/v2\/pages\/1163\/revisions"}],"predecessor-version":[{"id":1807,"href":"https:\/\/ffh.unsa.edu.pe\/filosofia\/wp-json\/wp\/v2\/pages\/1163\/revisions\/1807"}],"wp:featuredmedia":[{"embeddable":true,"href":"https:\/\/ffh.unsa.edu.pe\/filosofia\/wp-json\/wp\/v2\/media\/1174"}],"wp:attachment":[{"href":"https:\/\/ffh.unsa.edu.pe\/filosofia\/wp-json\/wp\/v2\/media?parent=1163"}],"curies":[{"name":"wp","href":"https:\/\/api.w.org\/{rel}","templated":true}]}}